{"id":3765,"date":"2021-09-05T16:46:41","date_gmt":"2021-09-05T14:46:41","guid":{"rendered":"http:\/\/fuencactiva.org\/?page_id=3765"},"modified":"2021-09-05T16:46:42","modified_gmt":"2021-09-05T14:46:42","slug":"el-teatro-madrid","status":"publish","type":"page","link":"https:\/\/fuencactiva.org\/?page_id=3765","title":{"rendered":"El Teatro Madrid"},"content":{"rendered":"\n<p class=\"has-medium-font-size\"><span style=\"color: #000000;\"><strong>El Teatro Madrid se gestiona desde este a\u00f1o 2021 la Junta Municipal del distrito<\/strong><\/span>. <\/p>\n\n\n\n<p class=\"has-medium-font-size\">Desde su cierre en junio del 2011 hasta la fecha, diez a\u00f1os despu\u00e9s, el edifico ha ido deterior\u00e1ndose progresivamente, sin que hasta ahora se tenga claro cu\u00e1l va a ser su uso, a qu\u00e9 dedicar el espacio.<\/p>\n\n\n\n<p class=\"has-medium-font-size\">En el 2018, y tras varios anuncios presupuestarios para la realizaci\u00f3n de unas obras iniciales, solo se pusieron en marcha unas peque\u00f1as reformas en la parte de las antiguas oficinas que no acabaron por problemas con la empresa adjudicataria, que no sabemos si se han resuelto y c\u00f3mo.  <\/p>\n\n\n\n<p class=\"has-medium-font-size\">Junto a ello, desde el \u00c1rea de Cultura del Ayuntamiento, que es quien hasta ahora ha tenido la competencia, nos llegaban  noticias, ya en ese a\u00f1o,  sobre la negativa de las grandes compa\u00f1\u00edas de teatro y danza a dejar el centro de la ciudad, para venir al barrio del Pilar.<\/p>\n\n\n\n<p class=\"has-medium-font-size\">Diez a\u00f1os se han cumplido este 2021, y desde la Asociaci\u00f3n Vecinal La Flor se ha emitido un comunicado recordando la degradaci\u00f3n del espacio p\u00fablico y exigiendo <strong><a rel=\"noreferrer noopener\" href=\"https:\/\/www.avlaflor.org\/?p=3816\" target=\"_blank\">actuaciones encaminadas a revertir la situaci\u00f3n.<\/a><\/strong><\/p>\n\n\n\n<p class=\"has-medium-font-size\"><strong>Desde aqu\u00ed, animamos a las personas del distrito a reivindicar el Teatro Madrid como equipamiento distrital. Seguro que nosotras sabremos darle un buen uso.<\/strong><\/p>\n","protected":false},"excerpt":{"rendered":"<p>El Teatro Madrid se gestiona desde este a\u00f1o 2021 la Junta Municipal del distrito. Desde su cierre en junio del 2011 hasta la fecha, diez a\u00f1os despu\u00e9s, el edifico ha ido deterior\u00e1ndose progresivamente, sin que hasta ahora se tenga claro cu\u00e1l va a ser su uso, a qu\u00e9 dedicar el espacio. En el 2018, y [&hellip;]<\/p>\n","protected":false},"author":5,"featured_media":3766,"parent":51,"menu_order":0,"comment_status":"closed","ping_status":"closed","template":"","meta":[],"jetpack_sharing_enabled":true,"_links":{"self":[{"href":"https:\/\/fuencactiva.org\/index.php?rest_route=\/wp\/v2\/pages\/3765"}],"collection":[{"href":"https:\/\/fuencactiva.org\/index.php?rest_route=\/wp\/v2\/pages"}],"about":[{"href":"https:\/\/fuencactiva.org\/index.php?rest_route=\/wp\/v2\/types\/page"}],"author":[{"embeddable":true,"href":"https:\/\/fuencactiva.org\/index.php?rest_route=\/wp\/v2\/users\/5"}],"replies":[{"embeddable":true,"href":"https:\/\/fuencactiva.org\/index.php?rest_route=%2Fwp%2Fv2%2Fcomments&post=3765"}],"version-history":[{"count":1,"href":"https:\/\/fuencactiva.org\/index.php?rest_route=\/wp\/v2\/pages\/3765\/revisions"}],"predecessor-version":[{"id":3767,"href":"https:\/\/fuencactiva.org\/index.php?rest_route=\/wp\/v2\/pages\/3765\/revisions\/3767"}],"up":[{"embeddable":true,"href":"https:\/\/fuencactiva.org\/index.php?rest_route=\/wp\/v2\/pages\/51"}],"wp:featuredmedia":[{"embeddable":true,"href":"https:\/\/fuencactiva.org\/index.php?rest_route=\/wp\/v2\/media\/3766"}],"wp:attachment":[{"href":"https:\/\/fuencactiva.org\/index.php?rest_route=%2Fwp%2Fv2%2Fmedia&parent=3765"}],"curies":[{"name":"wp","href":"https:\/\/api.w.org\/{rel}","templated":true}]}}